{"version":"1.0","provider_name":"Save","provider_url":"https:\/\/news.save.ch\/de","author_name":"Roger Str\u00e4ssle","author_url":"https:\/\/news.save.ch\/de\/author\/roger-straessle\/","title":"Datenschutz: Vernehmlassung l\u00e4uft - Save","type":"rich","width":600,"height":338,"html":"<blockquote class=\"wp-embedded-content\" data-secret=\"oTryCeoZVS\"><a href=\"https:\/\/news.save.ch\/de\/datenschutz-vernehmlassung-laeuft\/\">Datenschutz: Vernehmlassung l\u00e4uft<\/a><\/blockquote><iframe sandbox=\"allow-scripts\" security=\"restricted\" src=\"https:\/\/news.save.ch\/de\/datenschutz-vernehmlassung-laeuft\/embed\/#?secret=oTryCeoZVS\" width=\"600\" height=\"338\" title=\"&#8222;Datenschutz: Vernehmlassung l\u00e4uft&#8220; &#8211; Save\" data-secret=\"oTryCeoZVS\" frameborder=\"0\" marginwidth=\"0\" marginheight=\"0\" scrolling=\"no\" class=\"wp-embedded-content\"><\/iframe><script>\n\/*! This file is auto-generated *\/\n!function(d,l){\"use strict\";l.querySelector&&d.addEventListener&&\"undefined\"!=typeof URL&&(d.wp=d.wp||{},d.wp.receiveEmbedMessage||(d.wp.receiveEmbedMessage=function(e){var t=e.data;if((t||t.secret||t.message||t.value)&&!\/[^a-zA-Z0-9]\/.test(t.secret)){for(var s,r,n,a=l.querySelectorAll('iframe[data-secret=\"'+t.secret+'\"]'),o=l.querySelectorAll('blockquote[data-secret=\"'+t.secret+'\"]'),c=new RegExp(\"^https?:$\",\"i\"),i=0;i<o.length;i++)o[i].style.display=\"none\";for(i=0;i<a.length;i++)s=a[i],e.source===s.contentWindow&&(s.removeAttribute(\"style\"),\"height\"===t.message?(1e3<(r=parseInt(t.value,10))?r=1e3:~~r<200&&(r=200),s.height=r):\"link\"===t.message&&(r=new URL(s.getAttribute(\"src\")),n=new URL(t.value),c.test(n.protocol))&&n.host===r.host&&l.activeElement===s&&(d.top.location.href=t.value))}},d.addEventListener(\"message\",d.wp.receiveEmbedMessage,!1),l.addEventListener(\"DOMContentLoaded\",function(){for(var e,t,s=l.querySelectorAll(\"iframe.wp-embedded-content\"),r=0;r<s.length;r++)(t=(e=s[r]).getAttribute(\"data-secret\"))||(t=Math.random().toString(36).substring(2,12),e.src+=\"#?secret=\"+t,e.setAttribute(\"data-secret\",t)),e.contentWindow.postMessage({message:\"ready\",secret:t},\"*\")},!1)))}(window,document);\n\/\/# sourceURL=https:\/\/news.save.ch\/wp-includes\/js\/wp-embed.min.js\n<\/script>\n","thumbnail_url":"https:\/\/news.save.ch\/wp-content\/uploads\/2016\/12\/Depositphotos_64285175_m-2015.jpg","thumbnail_width":1000,"thumbnail_height":651,"description":"Mit der Revision des Datenschutzgesetzes (DSG) will der Bundesrat insbesondere die Transparenz von Datenbearbeitungen erh\u00f6hen und die Selbstbestimmung der betroffenen Personen \u00fcber ihre Daten st\u00e4rken. Dazu sollen die Informationspflichten der Organe, die f\u00fcr die Datenverarbeitung verantwortlich sind, ausgeweitet werden. Erg\u00e4nzend dazu soll das Auskunftsrecht der betroffenen Personen pr\u00e4zisiert werden. Dabei steht die Selbstregulierung im Vordergrund: [&hellip;]"}