{"version":"1.0","provider_name":"Save","provider_url":"https:\/\/news.save.ch\/de","author_name":"stefanie Zeng","author_url":"https:\/\/news.save.ch\/de\/author\/stefanie-zeng\/","title":"Michaela Sch\u00e4rer verl\u00e4sst das Bundesamt f\u00fcr Bev\u00f6lkerungsschutz - Save","type":"rich","width":600,"height":338,"html":"<blockquote class=\"wp-embedded-content\" data-secret=\"hIC6ALCUdt\"><a href=\"https:\/\/news.save.ch\/de\/michaela-schaerer-verlaesst-das-bundesamt-fuer-bevoelkerungsschutz\/\">Michaela Sch\u00e4rer verl\u00e4sst das Bundesamt f\u00fcr Bev\u00f6lkerungsschutz<\/a><\/blockquote><iframe sandbox=\"allow-scripts\" security=\"restricted\" src=\"https:\/\/news.save.ch\/de\/michaela-schaerer-verlaesst-das-bundesamt-fuer-bevoelkerungsschutz\/embed\/#?secret=hIC6ALCUdt\" width=\"600\" height=\"338\" title=\"&#8222;Michaela Sch\u00e4rer verl\u00e4sst das Bundesamt f\u00fcr Bev\u00f6lkerungsschutz&#8220; &#8211; Save\" data-secret=\"hIC6ALCUdt\" frameborder=\"0\" marginwidth=\"0\" marginheight=\"0\" scrolling=\"no\" class=\"wp-embedded-content\"><\/iframe><script>\n\/*! This file is auto-generated *\/\n!function(d,l){\"use strict\";l.querySelector&&d.addEventListener&&\"undefined\"!=typeof URL&&(d.wp=d.wp||{},d.wp.receiveEmbedMessage||(d.wp.receiveEmbedMessage=function(e){var t=e.data;if((t||t.secret||t.message||t.value)&&!\/[^a-zA-Z0-9]\/.test(t.secret)){for(var s,r,n,a=l.querySelectorAll('iframe[data-secret=\"'+t.secret+'\"]'),o=l.querySelectorAll('blockquote[data-secret=\"'+t.secret+'\"]'),c=new RegExp(\"^https?:$\",\"i\"),i=0;i<o.length;i++)o[i].style.display=\"none\";for(i=0;i<a.length;i++)s=a[i],e.source===s.contentWindow&&(s.removeAttribute(\"style\"),\"height\"===t.message?(1e3<(r=parseInt(t.value,10))?r=1e3:~~r<200&&(r=200),s.height=r):\"link\"===t.message&&(r=new URL(s.getAttribute(\"src\")),n=new URL(t.value),c.test(n.protocol))&&n.host===r.host&&l.activeElement===s&&(d.top.location.href=t.value))}},d.addEventListener(\"message\",d.wp.receiveEmbedMessage,!1),l.addEventListener(\"DOMContentLoaded\",function(){for(var e,t,s=l.querySelectorAll(\"iframe.wp-embedded-content\"),r=0;r<s.length;r++)(t=(e=s[r]).getAttribute(\"data-secret\"))||(t=Math.random().toString(36).substring(2,12),e.src+=\"#?secret=\"+t,e.setAttribute(\"data-secret\",t)),e.contentWindow.postMessage({message:\"ready\",secret:t},\"*\")},!1)))}(window,document);\n\/\/# sourceURL=https:\/\/news.save.ch\/wp-includes\/js\/wp-embed.min.js\n<\/script>\n","description":"Der Chef des Eidgen\u00f6ssischen Departementes f\u00fcr Verteidigung, Bev\u00f6lkerungsschutz und Sport VBS, Bundesrat Martin Pfister, und Michaela Sch\u00e4rer, Direktorin des Bundesamtes f\u00fcr Bev\u00f6lkerungsschutz BABS, sind \u00fcbereingekommen, die Leitung des Bundesamts f\u00fcr Bev\u00f6lkerungsschutz neu zu besetzen. Der Bundesrat hat der einvernehmlichen Aufl\u00f6sung des Arbeitsverh\u00e4ltnisses mit Michaela Sch\u00e4rer per 30. April 2026 zugestimmt. Michaela Sch\u00e4rer erh\u00e4lt gem\u00e4ss Artikel [&hellip;]"}