{"version":"1.0","provider_name":"Save","provider_url":"https:\/\/news.save.ch\/de","author_name":"Simon Gr\u00f6flin","author_url":"https:\/\/news.save.ch\/de\/author\/simon-groeflin\/","title":"Neue Ausrichtung f\u00fcr den Koordinierten Sanit\u00e4tsdienst (KSD) - Save","type":"rich","width":600,"height":338,"html":"<blockquote class=\"wp-embedded-content\" data-secret=\"kujLcItrOO\"><a href=\"https:\/\/news.save.ch\/de\/neue-ausrichtung-fuer-den-koordinierten-sanitaetsdienst-ksd\/\">Neue Ausrichtung f\u00fcr den Koordinierten Sanit\u00e4tsdienst (KSD)<\/a><\/blockquote><iframe sandbox=\"allow-scripts\" security=\"restricted\" src=\"https:\/\/news.save.ch\/de\/neue-ausrichtung-fuer-den-koordinierten-sanitaetsdienst-ksd\/embed\/#?secret=kujLcItrOO\" width=\"600\" height=\"338\" title=\"&#8222;Neue Ausrichtung f\u00fcr den Koordinierten Sanit\u00e4tsdienst (KSD)&#8220; &#8211; Save\" data-secret=\"kujLcItrOO\" frameborder=\"0\" marginwidth=\"0\" marginheight=\"0\" scrolling=\"no\" class=\"wp-embedded-content\"><\/iframe><script>\n\/*! This file is auto-generated *\/\n!function(d,l){\"use strict\";l.querySelector&&d.addEventListener&&\"undefined\"!=typeof URL&&(d.wp=d.wp||{},d.wp.receiveEmbedMessage||(d.wp.receiveEmbedMessage=function(e){var t=e.data;if((t||t.secret||t.message||t.value)&&!\/[^a-zA-Z0-9]\/.test(t.secret)){for(var s,r,n,a=l.querySelectorAll('iframe[data-secret=\"'+t.secret+'\"]'),o=l.querySelectorAll('blockquote[data-secret=\"'+t.secret+'\"]'),c=new RegExp(\"^https?:$\",\"i\"),i=0;i<o.length;i++)o[i].style.display=\"none\";for(i=0;i<a.length;i++)s=a[i],e.source===s.contentWindow&&(s.removeAttribute(\"style\"),\"height\"===t.message?(1e3<(r=parseInt(t.value,10))?r=1e3:~~r<200&&(r=200),s.height=r):\"link\"===t.message&&(r=new URL(s.getAttribute(\"src\")),n=new URL(t.value),c.test(n.protocol))&&n.host===r.host&&l.activeElement===s&&(d.top.location.href=t.value))}},d.addEventListener(\"message\",d.wp.receiveEmbedMessage,!1),l.addEventListener(\"DOMContentLoaded\",function(){for(var e,t,s=l.querySelectorAll(\"iframe.wp-embedded-content\"),r=0;r<s.length;r++)(t=(e=s[r]).getAttribute(\"data-secret\"))||(t=Math.random().toString(36).substring(2,12),e.src+=\"#?secret=\"+t,e.setAttribute(\"data-secret\",t)),e.contentWindow.postMessage({message:\"ready\",secret:t},\"*\")},!1)))}(window,document);\n\/\/# sourceURL=https:\/\/news.save.ch\/wp-includes\/js\/wp-embed.min.js\n<\/script>\n","thumbnail_url":"https:\/\/news.save.ch\/wp-content\/uploads\/2022\/03\/Depositphotos_175079584_S.jpg","thumbnail_width":999,"thumbnail_height":667,"description":"Die Schweiz soll in Zukunft besser auf Krisen im Gesundheitsbereich vorbereitet werden. Der Schlussbericht 2021 f\u00fcr den Koordinierten Santi\u00e4tsdienst (KSD) enh\u00e4lt sechs konkrete Reformvorschl\u00e4ge, die in den n\u00e4chsten Monaten umgesetzt werden sollen."}