{"version":"1.0","provider_name":"Save","provider_url":"https:\/\/news.save.ch\/de","author_name":"admin","author_url":"https:\/\/news.save.ch\/de\/author\/admin\/","title":"Winterthur schafft Fachstelle f\u00fcr Extremismus und Gewaltpr\u00e4vention","type":"rich","width":600,"height":338,"html":"<blockquote class=\"wp-embedded-content\" data-secret=\"ixQWJF81En\"><a href=\"https:\/\/news.save.ch\/de\/winterthur-schafft-fachstelle-fuer-extremismus-und-gewaltpraevention\/\">Winterthur schafft Fachstelle f\u00fcr Extremismus und Gewaltpr\u00e4vention<\/a><\/blockquote><iframe sandbox=\"allow-scripts\" security=\"restricted\" src=\"https:\/\/news.save.ch\/de\/winterthur-schafft-fachstelle-fuer-extremismus-und-gewaltpraevention\/embed\/#?secret=ixQWJF81En\" width=\"600\" height=\"338\" title=\"&#8222;Winterthur schafft Fachstelle f\u00fcr Extremismus und Gewaltpr\u00e4vention&#8220; &#8211; Save\" data-secret=\"ixQWJF81En\" frameborder=\"0\" marginwidth=\"0\" marginheight=\"0\" scrolling=\"no\" class=\"wp-embedded-content\"><\/iframe><script>\n\/*! This file is auto-generated *\/\n!function(d,l){\"use strict\";l.querySelector&&d.addEventListener&&\"undefined\"!=typeof URL&&(d.wp=d.wp||{},d.wp.receiveEmbedMessage||(d.wp.receiveEmbedMessage=function(e){var t=e.data;if((t||t.secret||t.message||t.value)&&!\/[^a-zA-Z0-9]\/.test(t.secret)){for(var s,r,n,a=l.querySelectorAll('iframe[data-secret=\"'+t.secret+'\"]'),o=l.querySelectorAll('blockquote[data-secret=\"'+t.secret+'\"]'),c=new RegExp(\"^https?:$\",\"i\"),i=0;i<o.length;i++)o[i].style.display=\"none\";for(i=0;i<a.length;i++)s=a[i],e.source===s.contentWindow&&(s.removeAttribute(\"style\"),\"height\"===t.message?(1e3<(r=parseInt(t.value,10))?r=1e3:~~r<200&&(r=200),s.height=r):\"link\"===t.message&&(r=new URL(s.getAttribute(\"src\")),n=new URL(t.value),c.test(n.protocol))&&n.host===r.host&&l.activeElement===s&&(d.top.location.href=t.value))}},d.addEventListener(\"message\",d.wp.receiveEmbedMessage,!1),l.addEventListener(\"DOMContentLoaded\",function(){for(var e,t,s=l.querySelectorAll(\"iframe.wp-embedded-content\"),r=0;r<s.length;r++)(t=(e=s[r]).getAttribute(\"data-secret\"))||(t=Math.random().toString(36).substring(2,12),e.src+=\"#?secret=\"+t,e.setAttribute(\"data-secret\",t)),e.contentWindow.postMessage({message:\"ready\",secret:t},\"*\")},!1)))}(window,document);\n\/\/# sourceURL=https:\/\/news.save.ch\/wp-includes\/js\/wp-embed.min.js\n<\/script>\n","thumbnail_url":"https:\/\/news.save.ch\/wp-content\/uploads\/2016\/12\/Winterthur-schafft-Fachstelle-f\u00fcr-Extremismus-und-Gewaltpr\u00e4vention_sicherheitsforum.jpg","thumbnail_width":600,"thumbnail_height":401,"description":"Die Stadt Winterthur schafft eine Fachstelle f\u00fcr Extremismus und Gewaltpr\u00e4vention als niederschwellige Anlaufstelle f\u00fcr die Bev\u00f6lkerung. Die Fachstelle ist eine der Massnahmen, welche die Stadt im Zusammenhang mit dem Ph\u00e4nomen des \u00abJihadismus\u00bb umsetzt."}