{"version":"1.0","provider_name":"Save","provider_url":"https:\/\/news.save.ch\/fr","author_name":"Simon Gr\u00f6flin","author_url":"https:\/\/news.save.ch\/fr\/author\/simon-groeflin\/","title":"\u00abUnser Grundauftrag bleibt der Vollzug und die Kontrolle\u00bb - Save","type":"rich","width":600,"height":338,"html":"<blockquote class=\"wp-embedded-content\" data-secret=\"rYE5Km5nAR\"><a href=\"https:\/\/news.save.ch\/fr\/unser-grundauftrag-bleibt-der-vollzug-und-die-kontrolle\/\">\"Notre mission de base reste l'ex\u00e9cution et le contr\u00f4le\".<\/a><\/blockquote><iframe sandbox=\"allow-scripts\" security=\"restricted\" src=\"https:\/\/news.save.ch\/fr\/unser-grundauftrag-bleibt-der-vollzug-und-die-kontrolle\/embed\/#?secret=rYE5Km5nAR\" width=\"600\" height=\"338\" title=\"&quot; &quot;Notre mission de base reste l&#039;ex\u00e9cution et le contr\u00f4le&quot; &quot; - Save\" data-secret=\"rYE5Km5nAR\" frameborder=\"0\" marginwidth=\"0\" marginheight=\"0\" scrolling=\"no\" class=\"wp-embedded-content\"><\/iframe><script>\n\/*! This file is auto-generated *\/\n!function(d,l){\"use strict\";l.querySelector&&d.addEventListener&&\"undefined\"!=typeof URL&&(d.wp=d.wp||{},d.wp.receiveEmbedMessage||(d.wp.receiveEmbedMessage=function(e){var t=e.data;if((t||t.secret||t.message||t.value)&&!\/[^a-zA-Z0-9]\/.test(t.secret)){for(var s,r,n,a=l.querySelectorAll('iframe[data-secret=\"'+t.secret+'\"]'),o=l.querySelectorAll('blockquote[data-secret=\"'+t.secret+'\"]'),c=new RegExp(\"^https?:$\",\"i\"),i=0;i<o.length;i++)o[i].style.display=\"none\";for(i=0;i<a.length;i++)s=a[i],e.source===s.contentWindow&&(s.removeAttribute(\"style\"),\"height\"===t.message?(1e3<(r=parseInt(t.value,10))?r=1e3:~~r<200&&(r=200),s.height=r):\"link\"===t.message&&(r=new URL(s.getAttribute(\"src\")),n=new URL(t.value),c.test(n.protocol))&&n.host===r.host&&l.activeElement===s&&(d.top.location.href=t.value))}},d.addEventListener(\"message\",d.wp.receiveEmbedMessage,!1),l.addEventListener(\"DOMContentLoaded\",function(){for(var e,t,s=l.querySelectorAll(\"iframe.wp-embedded-content\"),r=0;r<s.length;r++)(t=(e=s[r]).getAttribute(\"data-secret\"))||(t=Math.random().toString(36).substring(2,12),e.src+=\"#?secret=\"+t,e.setAttribute(\"data-secret\",t)),e.contentWindow.postMessage({message:\"ready\",secret:t},\"*\")},!1)))}(window,document);\n\/\/# sourceURL=https:\/\/news.save.ch\/wp-includes\/js\/wp-embed.min.js\n<\/script>","thumbnail_url":"https:\/\/news.save.ch\/wp-content\/uploads\/2022\/11\/Felixweber_teaser2.jpg","thumbnail_width":1144,"thumbnail_height":801,"description":"W\u00e4hrend der Pandemie waren die registrierten Freizeitunf\u00e4lle zwar r\u00fcckl\u00e4ufig \u2013 f\u00fcr die Suva kein Grund, neben der Verh\u00fctung von Arbeitsunf\u00e4llen auch im Bereich Freizeitpr\u00e4vention aktiv zu \u00adbleiben. Denn auch bei Freizeitunf\u00e4llen entstehen f\u00fcr das Unternehmen Kosten, wenn die Mitarbeitenden nicht zur Arbeit kommen k\u00f6nnen. Die \u00adRedaktion von SAFETY-PLUS sprach mit dem \u00adSuva-CEO Felix Weber \u00fcber die Stossrichtung der Pr\u00e4ventionsstrategie."}