{"version":"1.0","provider_name":"Save","provider_url":"https:\/\/news.save.ch\/fr","author_name":"admin","author_url":"https:\/\/news.save.ch\/fr\/author\/admin\/","title":"Winterthur schafft Fachstelle f\u00fcr Extremismus und Gewaltpr\u00e4vention","type":"rich","width":600,"height":338,"html":"<blockquote class=\"wp-embedded-content\" data-secret=\"J5JCVWDvZH\"><a href=\"https:\/\/news.save.ch\/fr\/winterthur-schafft-fachstelle-fuer-extremismus-und-gewaltpraevention\/\">Winterthur cr\u00e9e un service sp\u00e9cialis\u00e9 dans la pr\u00e9vention de l'extr\u00e9misme et de la violence<\/a><\/blockquote><iframe sandbox=\"allow-scripts\" security=\"restricted\" src=\"https:\/\/news.save.ch\/fr\/winterthur-schafft-fachstelle-fuer-extremismus-und-gewaltpraevention\/embed\/#?secret=J5JCVWDvZH\" width=\"600\" height=\"338\" title=\"\u00ab\u00a0Winterthur schafft Fachstelle f\u00fcr Extremismus und Gewaltpr\u00e4vention\u00a0\u00bb &#8212; Save\" data-secret=\"J5JCVWDvZH\" frameborder=\"0\" marginwidth=\"0\" marginheight=\"0\" scrolling=\"no\" class=\"wp-embedded-content\"><\/iframe><script>\n\/*! This file is auto-generated *\/\n!function(d,l){\"use strict\";l.querySelector&&d.addEventListener&&\"undefined\"!=typeof URL&&(d.wp=d.wp||{},d.wp.receiveEmbedMessage||(d.wp.receiveEmbedMessage=function(e){var t=e.data;if((t||t.secret||t.message||t.value)&&!\/[^a-zA-Z0-9]\/.test(t.secret)){for(var s,r,n,a=l.querySelectorAll('iframe[data-secret=\"'+t.secret+'\"]'),o=l.querySelectorAll('blockquote[data-secret=\"'+t.secret+'\"]'),c=new RegExp(\"^https?:$\",\"i\"),i=0;i<o.length;i++)o[i].style.display=\"none\";for(i=0;i<a.length;i++)s=a[i],e.source===s.contentWindow&&(s.removeAttribute(\"style\"),\"height\"===t.message?(1e3<(r=parseInt(t.value,10))?r=1e3:~~r<200&&(r=200),s.height=r):\"link\"===t.message&&(r=new URL(s.getAttribute(\"src\")),n=new URL(t.value),c.test(n.protocol))&&n.host===r.host&&l.activeElement===s&&(d.top.location.href=t.value))}},d.addEventListener(\"message\",d.wp.receiveEmbedMessage,!1),l.addEventListener(\"DOMContentLoaded\",function(){for(var e,t,s=l.querySelectorAll(\"iframe.wp-embedded-content\"),r=0;r<s.length;r++)(t=(e=s[r]).getAttribute(\"data-secret\"))||(t=Math.random().toString(36).substring(2,12),e.src+=\"#?secret=\"+t,e.setAttribute(\"data-secret\",t)),e.contentWindow.postMessage({message:\"ready\",secret:t},\"*\")},!1)))}(window,document);\n\/\/# sourceURL=https:\/\/news.save.ch\/wp-includes\/js\/wp-embed.min.js\n<\/script>","thumbnail_url":"https:\/\/news.save.ch\/wp-content\/uploads\/2016\/12\/Winterthur-schafft-Fachstelle-f\u00fcr-Extremismus-und-Gewaltpr\u00e4vention_sicherheitsforum.jpg","thumbnail_width":600,"thumbnail_height":401,"description":"Die Stadt Winterthur schafft eine Fachstelle f\u00fcr Extremismus und Gewaltpr\u00e4vention als niederschwellige Anlaufstelle f\u00fcr die Bev\u00f6lkerung. Die Fachstelle ist eine der Massnahmen, welche die Stadt im Zusammenhang mit dem Ph\u00e4nomen des \u00abJihadismus\u00bb umsetzt."}