{"id":34,"date":"2021-05-06T15:30:39","date_gmt":"2021-05-06T13:30:39","guid":{"rendered":"https:\/\/develop.organisator.galledia.ch\/?page_id=34"},"modified":"2024-10-08T10:42:19","modified_gmt":"2024-10-08T08:42:19","slug":"mediadaten","status":null,"type":"page","link":"https:\/\/news.save.ch\/fr\/mediadaten\/","title":{"rendered":"Donn\u00e9es m\u00e9diatiques"},"content":{"rendered":"<section class=\"main-column\">\n<article id=\"post-7\" class=\"blog-article\">\n<section class=\"article-content\">\n<h2>\"save - le magazine de la s\u00e9curit\u00e9\"<\/h2>\n<p>\"save - Le magazine de la s\u00e9curit\u00e9\" est la publication la plus importante pour le secteur suisse de la s\u00e9curit\u00e9 et de la s\u00fbret\u00e9.<\/p>\n<p>Comp\u00e9tent, fond\u00e9 et multith\u00e9matique - tel est l'ADN journalistique du nouveau magazine sp\u00e9cialis\u00e9, n\u00e9 de la fusion des revues SICHERHEITSFORUM et SAFETY-PLUS.<\/p>\n<p>PDF sur les <strong><a href=\"https:\/\/www.fachmedien.ch\/portfolio\/news-save-ch.html\" target=\"_blank\" rel=\"noopener\">Donn\u00e9es m\u00e9dia Print &amp; Online save 2024\/2025<\/a><\/strong><\/p>\n<p>&nbsp;<\/p>\n<h2><strong>Forum S\u00e9curit\u00e9<\/strong><\/h2>\n<p>\"Forum S\u00e9curit\u00e9\" est la publication en Suisse romande enti\u00e8rement consacr\u00e9e au th\u00e8me de la s\u00e9curit\u00e9. Il n'existe aucun m\u00e9dia comparable en Suisse romande. Les th\u00e8mes trait\u00e9s dans \"Forum S\u00e9curit\u00e9\" concernent la s\u00e9curit\u00e9 organisationnelle, la s\u00e9curit\u00e9 physique et technique, la s\u00e9curit\u00e9 au travail, la protection de la sant\u00e9 ainsi que la s\u00e9curit\u00e9 de l'information. L'ensemble du domaine de la s\u00e9curit\u00e9 est ainsi couvert par un seul m\u00e9dia.<\/p>\n<p>PDF sur les <strong><a href=\"https:\/\/www.fachmedien.ch\/portfolio\/forum-securite.html\" target=\"_blank\" rel=\"noopener\">Donn\u00e9es m\u00e9dia Print &amp; Online Forum S\u00e9curit\u00e9 2024\/2025<\/a><\/strong><\/p>\n<\/section>\n<\/article>\n<\/section>","protected":false},"excerpt":{"rendered":"<p>\u00absave \u2013 Das Magazin f\u00fcr Sicherheit\u00bb \u00absave \u2013 Das Magazin f\u00fcr Sicherheit\u00bb ist die wichtigste Publikation f\u00fcr die Schweizer Security- und Safety-Branche. Kompetent, fundiert und themen\u00fcbergreifend \u2013 dies ist die journalistische DNA des neuen Fachmagazins, welches aus dem Zusammenschluss der Fachzeitschriften\u00a0 SICHERHEITSFORUM und SAFETY-PLUS entstanden ist. PDF zu den Mediadaten Print &amp; Online save 2024\/2025 [&hellip;]<\/p>\n","protected":false},"author":1,"featured_media":0,"parent":0,"menu_order":0,"comment_status":"closed","ping_status":"closed","template":"","meta":{"_acf_changed":false,"pgc_sgb_lightbox_settings":"","footnotes":""},"class_list":["post-34","page","type-page","status-publish","hentry"],"acf":[],"hkrextid":null,"publication":null,"issue":null,"workflow":null,"startPage":null,"spitzmarke":null,"_posts_by_tag_page_fields":null,"_at_widget":null,"_yoast_wpseo_primary_category":null,"_yoast_wpseo_focuskw_text_input":null,"_yoast_wpseo_opengraph-image":null,"_yoast_wpseo_opengraph-description":null,"_yoast_wpseo_opengraph-title":null,"enclosure":null,"_yoast_wpseo_twitter-title":null,"_yoast_wpseo_twitter-description":null,"_yoast_wpseo_twitter-image":null,"_wp_old_slug":null,"_yoast_wpseo_title":null,"_yoast_wpseo_canonical":null,"yoast_head":"<!-- This site is optimized with the Yoast SEO plugin v27.5 - https:\/\/yoast.com\/product\/yoast-seo-wordpress\/ -->\n<title>Mediadaten - Save<\/title>\n<meta name=\"robots\" content=\"index, follow, max-snippet:-1, max-image-preview:large, max-video-preview:-1\" \/>\n<link rel=\"canonical\" href=\"https:\/\/news.save.ch\/fr\/mediadaten\/\" \/>\n<meta property=\"og:locale\" content=\"fr_FR\" \/>\n<meta property=\"og:type\" content=\"article\" \/>\n<meta property=\"og:title\" content=\"Mediadaten - Save\" \/>\n<meta property=\"og:description\" content=\"\u00absave \u2013 Das Magazin f\u00fcr Sicherheit\u00bb \u00absave \u2013 Das Magazin f\u00fcr Sicherheit\u00bb ist die wichtigste Publikation f\u00fcr die Schweizer Security- und Safety-Branche. Kompetent, fundiert und themen\u00fcbergreifend \u2013 dies ist die journalistische DNA des neuen Fachmagazins, welches aus dem Zusammenschluss der Fachzeitschriften\u00a0 SICHERHEITSFORUM und SAFETY-PLUS entstanden ist. PDF zu den Mediadaten Print &amp; Online save 2024\/2025 [&hellip;]\" \/>\n<meta property=\"og:url\" content=\"https:\/\/news.save.ch\/fr\/mediadaten\/\" \/>\n<meta property=\"og:site_name\" content=\"Save\" \/>\n<meta property=\"article:modified_time\" content=\"2024-10-08T08:42:19+00:00\" \/>\n<meta name=\"twitter:card\" content=\"summary_large_image\" \/>\n<meta name=\"twitter:label1\" content=\"Dur\u00e9e de lecture estim\u00e9e\" \/>\n\t<meta name=\"twitter:data1\" content=\"1 minute\" \/>\n<script type=\"application\/ld+json\" class=\"yoast-schema-graph\">{\"@context\":\"https:\\\/\\\/schema.org\",\"@graph\":[{\"@type\":\"WebPage\",\"@id\":\"https:\\\/\\\/news.save.ch\\\/mediadaten\\\/\",\"url\":\"https:\\\/\\\/news.save.ch\\\/mediadaten\\\/\",\"name\":\"Mediadaten - Save\",\"isPartOf\":{\"@id\":\"https:\\\/\\\/news.save.ch\\\/de\\\/#website\"},\"datePublished\":\"2021-05-06T13:30:39+00:00\",\"dateModified\":\"2024-10-08T08:42:19+00:00\",\"breadcrumb\":{\"@id\":\"https:\\\/\\\/news.save.ch\\\/mediadaten\\\/#breadcrumb\"},\"inLanguage\":\"fr-FR\",\"potentialAction\":[{\"@type\":\"ReadAction\",\"target\":[\"https:\\\/\\\/news.save.ch\\\/mediadaten\\\/\"]}]},{\"@type\":\"BreadcrumbList\",\"@id\":\"https:\\\/\\\/news.save.ch\\\/mediadaten\\\/#breadcrumb\",\"itemListElement\":[{\"@type\":\"ListItem\",\"position\":1,\"name\":\"Home\",\"item\":\"https:\\\/\\\/news.save.ch\\\/de\\\/\"},{\"@type\":\"ListItem\",\"position\":2,\"name\":\"Mediadaten\"}]},{\"@type\":\"WebSite\",\"@id\":\"https:\\\/\\\/news.save.ch\\\/de\\\/#website\",\"url\":\"https:\\\/\\\/news.save.ch\\\/de\\\/\",\"name\":\"Save\",\"description\":\"Schweizer Fachzeitschrift f\u00fcr Sicherheit\",\"publisher\":{\"@id\":\"https:\\\/\\\/news.save.ch\\\/de\\\/#organization\"},\"potentialAction\":[{\"@type\":\"SearchAction\",\"target\":{\"@type\":\"EntryPoint\",\"urlTemplate\":\"https:\\\/\\\/news.save.ch\\\/de\\\/?s={search_term_string}\"},\"query-input\":{\"@type\":\"PropertyValueSpecification\",\"valueRequired\":true,\"valueName\":\"search_term_string\"}}],\"inLanguage\":\"fr-FR\"},{\"@type\":\"Organization\",\"@id\":\"https:\\\/\\\/news.save.ch\\\/de\\\/#organization\",\"name\":\"Sicherheitsforum\",\"url\":\"https:\\\/\\\/news.save.ch\\\/de\\\/\",\"logo\":{\"@type\":\"ImageObject\",\"inLanguage\":\"fr-FR\",\"@id\":\"https:\\\/\\\/news.save.ch\\\/de\\\/#\\\/schema\\\/logo\\\/image\\\/\",\"url\":\"https:\\\/\\\/news.save.ch\\\/wp-content\\\/uploads\\\/2022\\\/06\\\/Logo_SF_2012.png\",\"contentUrl\":\"https:\\\/\\\/news.save.ch\\\/wp-content\\\/uploads\\\/2022\\\/06\\\/Logo_SF_2012.png\",\"width\":1100,\"height\":91,\"caption\":\"Sicherheitsforum\"},\"image\":{\"@id\":\"https:\\\/\\\/news.save.ch\\\/de\\\/#\\\/schema\\\/logo\\\/image\\\/\"}}]}<\/script>\n<!-- \/ Yoast SEO plugin. -->","yoast_head_json":{"title":"Donn\u00e9es m\u00e9diatiques - Save","robots":{"index":"index","follow":"follow","max-snippet":"max-snippet:-1","max-image-preview":"max-image-preview:large","max-video-preview":"max-video-preview:-1"},"canonical":"https:\/\/news.save.ch\/fr\/mediadaten\/","og_locale":"fr_FR","og_type":"article","og_title":"Mediadaten - Save","og_description":"\u00absave \u2013 Das Magazin f\u00fcr Sicherheit\u00bb \u00absave \u2013 Das Magazin f\u00fcr Sicherheit\u00bb ist die wichtigste Publikation f\u00fcr die Schweizer Security- und Safety-Branche. Kompetent, fundiert und themen\u00fcbergreifend \u2013 dies ist die journalistische DNA des neuen Fachmagazins, welches aus dem Zusammenschluss der Fachzeitschriften\u00a0 SICHERHEITSFORUM und SAFETY-PLUS entstanden ist. PDF zu den Mediadaten Print &amp; Online save 2024\/2025 [&hellip;]","og_url":"https:\/\/news.save.ch\/fr\/mediadaten\/","og_site_name":"Save","article_modified_time":"2024-10-08T08:42:19+00:00","twitter_card":"summary_large_image","twitter_misc":{"Dur\u00e9e de lecture estim\u00e9e":"1 minute"},"schema":{"@context":"https:\/\/schema.org","@graph":[{"@type":"WebPage","@id":"https:\/\/news.save.ch\/mediadaten\/","url":"https:\/\/news.save.ch\/mediadaten\/","name":"Donn\u00e9es m\u00e9diatiques - Save","isPartOf":{"@id":"https:\/\/news.save.ch\/de\/#website"},"datePublished":"2021-05-06T13:30:39+00:00","dateModified":"2024-10-08T08:42:19+00:00","breadcrumb":{"@id":"https:\/\/news.save.ch\/mediadaten\/#breadcrumb"},"inLanguage":"fr-FR","potentialAction":[{"@type":"ReadAction","target":["https:\/\/news.save.ch\/mediadaten\/"]}]},{"@type":"BreadcrumbList","@id":"https:\/\/news.save.ch\/mediadaten\/#breadcrumb","itemListElement":[{"@type":"ListItem","position":1,"name":"Home","item":"https:\/\/news.save.ch\/de\/"},{"@type":"ListItem","position":2,"name":"Mediadaten"}]},{"@type":"WebSite","@id":"https:\/\/news.save.ch\/de\/#website","url":"https:\/\/news.save.ch\/de\/","name":"Save","description":"Revue suisse sp\u00e9cialis\u00e9e dans la s\u00e9curit\u00e9","publisher":{"@id":"https:\/\/news.save.ch\/de\/#organization"},"potentialAction":[{"@type":"SearchAction","target":{"@type":"EntryPoint","urlTemplate":"https:\/\/news.save.ch\/de\/?s={search_term_string}"},"query-input":{"@type":"PropertyValueSpecification","valueRequired":true,"valueName":"search_term_string"}}],"inLanguage":"fr-FR"},{"@type":"Organization","@id":"https:\/\/news.save.ch\/de\/#organization","name":"Forum sur la s\u00e9curit\u00e9","url":"https:\/\/news.save.ch\/de\/","logo":{"@type":"ImageObject","inLanguage":"fr-FR","@id":"https:\/\/news.save.ch\/de\/#\/schema\/logo\/image\/","url":"https:\/\/news.save.ch\/wp-content\/uploads\/2022\/06\/Logo_SF_2012.png","contentUrl":"https:\/\/news.save.ch\/wp-content\/uploads\/2022\/06\/Logo_SF_2012.png","width":1100,"height":91,"caption":"Sicherheitsforum"},"image":{"@id":"https:\/\/news.save.ch\/de\/#\/schema\/logo\/image\/"}}]}},"_links":{"self":[{"href":"https:\/\/news.save.ch\/fr\/wp-json\/wp\/v2\/pages\/34","targetHints":{"allow":["GET"]}}],"collection":[{"href":"https:\/\/news.save.ch\/fr\/wp-json\/wp\/v2\/pages"}],"about":[{"href":"https:\/\/news.save.ch\/fr\/wp-json\/wp\/v2\/types\/page"}],"author":[{"embeddable":true,"href":"https:\/\/news.save.ch\/fr\/wp-json\/wp\/v2\/users\/1"}],"replies":[{"embeddable":true,"href":"https:\/\/news.save.ch\/fr\/wp-json\/wp\/v2\/comments?post=34"}],"version-history":[{"count":23,"href":"https:\/\/news.save.ch\/fr\/wp-json\/wp\/v2\/pages\/34\/revisions"}],"predecessor-version":[{"id":23594,"href":"https:\/\/news.save.ch\/fr\/wp-json\/wp\/v2\/pages\/34\/revisions\/23594"}],"wp:attachment":[{"href":"https:\/\/news.save.ch\/fr\/wp-json\/wp\/v2\/media?parent=34"}],"curies":[{"name":"wp","href":"https:\/\/api.w.org\/{rel}","templated":true}]}}