{"id":50,"date":"2021-05-06T15:33:39","date_gmt":"2021-05-06T13:33:39","guid":{"rendered":"https:\/\/develop.organisator.galledia.ch\/?page_id=50"},"modified":"2025-12-15T13:37:24","modified_gmt":"2025-12-15T12:37:24","slug":"ueber-uns","status":null,"type":"page","link":"https:\/\/news.save.ch\/fr\/ueber-uns\/","title":{"rendered":"\u00c0 propos de nous"},"content":{"rendered":"<p><strong>R\u00e9daction et \u00e9dition Save<\/strong><\/p>\n<p>\"save - Le magazine de la s\u00e9curit\u00e9\" est la publication la plus importante pour le secteur suisse de la s\u00e9curit\u00e9 et de la s\u00fbret\u00e9. Comp\u00e9tent, fond\u00e9 et multith\u00e9matique - tel est l'ADN journalistique du nouveau magazine sp\u00e9cialis\u00e9, n\u00e9 de la fusion des revues SICHERHEITSFORUM et SAFETY-PLUS.<\/p>\n<p>Avec save, nous proposons une plate-forme d'information centrale et int\u00e9grale sur les th\u00e8mes suivants<br \/>\n- Sant\u00e9 et s\u00e9curit\u00e9<br \/>\n- Protection contre l'incendie<br \/>\n- Num\u00e9risation<br \/>\n- Infrastructures<br \/>\n- Gestion<br \/>\n- S\u00e9curit\u00e9\/technique de s\u00e9curit\u00e9<br \/>\n- Informations sur les associations.<\/p>\n<p>L'\u00e9quipe de r\u00e9daction de save, en collaboration avec des experts techniques exp\u00e9riment\u00e9s, rend compte des derni\u00e8res tendances et \u00e9volutions du secteur.<br \/>\nDans des articles de fond et des interviews s\u00e9rieusement document\u00e9s, nous mettons en lumi\u00e8re les d\u00e9veloppements technologiques, les contextes de march\u00e9 et les services les plus passionnants.<br \/>\nsave para\u00eet 6 fois par an - en plus d'une pr\u00e9sence en ligne actualis\u00e9e quotidiennement en 4 langues.<\/p>\n<p>Vous trouverez ici tous les noms, adresses e-mail et num\u00e9ros de t\u00e9l\u00e9phone de nos collaborateurs de la r\u00e9daction et de la maison d'\u00e9dition SicherheitsForum.<\/p>\n<p>Galledia Fachmedien AG<br \/>\n60, rue de B\u00e2le<br \/>\n8048 Zurich<br \/>\n<a href=\"tel:0583449898\">T +41 58 344 98 98<\/a><\/p>\n<p>_____________________________________________<\/p>\n<p><strong>Directeur de la publication<\/strong><br \/>\nHarald Zeindl<br \/>\n<a href=\"tel:0583449847\">T +41 58 344 98 47<\/a><br \/>\n<a href=\"mailto:harald.zeindl@galledia.ch\">harald.zeindl@galledia.ch<\/a><\/p>\n<p><strong>Direction du conseil aux m\u00e9dias, vente<\/strong><br \/>\nJutta Hausmann<br \/>\n<a href=\"tel:0583449806\">T +41 58 344 98 06<\/a><br \/>\n<a href=\"mailto:jutta.hausmann@fachmedien.ch\">jutta.hausmann@fachmedien.ch<\/a><\/p>\n<p>_____________________________________________<\/p>\n<p><strong>gestion des annonces<\/strong><br \/>\n<a href=\"tel:0583449898\">T +41 58 344 98 98<\/a><br \/>\n<a href=\"mailto:anzeigen.sicherheitsforum@galledia.ch\">anzeigen.sicherheitsforum@galledia.ch<\/a><\/p>\n<p><strong>Service des lecteurs<\/strong><br \/>\n<a href=\"tel:0583449563\">T +41 58 344 95 63<\/a><br \/>\n<a href=\"mailto:abo.sicherheitsforum@galledia.ch\">abo.sicherheitsforum@galledia.ch<\/a><\/p>","protected":false},"excerpt":{"rendered":"<p>Redaktion und Verlag Save \u00absave \u2013 Das Magazin f\u00fcr Sicherheit\u00bb ist die wichtigste Publikation f\u00fcr die Schweizer Security- und Safety-Branche. Kompetent, fundiert und themen\u00fcbergreifend \u2013 dies ist die journalistische DNA des neuen Fachmagazins, welches aus dem Zusammenschluss der Fachzeitschriften SICHERHEITSFORUM und SAFETY-PLUS entstanden ist. Mit save bieten wir eine zentrale und integrale Informationsplattform zu den [&hellip;]<\/p>\n","protected":false},"author":1,"featured_media":0,"parent":0,"menu_order":0,"comment_status":"closed","ping_status":"closed","template":"","meta":{"_acf_changed":false,"pgc_sgb_lightbox_settings":"","footnotes":""},"class_list":["post-50","page","type-page","status-publish","hentry"],"acf":[],"hkrextid":null,"publication":null,"issue":null,"workflow":null,"startPage":null,"spitzmarke":null,"_posts_by_tag_page_fields":null,"_at_widget":null,"_yoast_wpseo_primary_category":null,"_yoast_wpseo_focuskw_text_input":null,"_yoast_wpseo_opengraph-image":null,"_yoast_wpseo_opengraph-description":null,"_yoast_wpseo_opengraph-title":null,"enclosure":null,"_yoast_wpseo_twitter-title":null,"_yoast_wpseo_twitter-description":null,"_yoast_wpseo_twitter-image":null,"_wp_old_slug":null,"_yoast_wpseo_title":"Redaktion & Verlag | save \u2013 Das Magazin f\u00fcr Sicherheit in der Schweiz","_yoast_wpseo_canonical":null,"yoast_head":"<!-- This site is optimized with the Yoast SEO plugin v27.5 - https:\/\/yoast.com\/product\/yoast-seo-wordpress\/ -->\n<title>Redaktion &amp; Verlag | save \u2013 Das Magazin f\u00fcr Sicherheit in der Schweiz<\/title>\n<meta name=\"description\" content=\"save \u2013 Das Magazin f\u00fcr Sicherheit ist die f\u00fchrende Fachpublikation der Schweizer Security- und Safety-Branche. Redaktion, Verlag und Ansprechpartner im \u00dcberblick.\" \/>\n<meta name=\"robots\" content=\"index, follow, max-snippet:-1, max-image-preview:large, max-video-preview:-1\" \/>\n<link rel=\"canonical\" href=\"https:\/\/news.save.ch\/fr\/ueber-uns\/\" \/>\n<meta property=\"og:locale\" content=\"fr_FR\" \/>\n<meta property=\"og:type\" content=\"article\" \/>\n<meta property=\"og:title\" content=\"Redaktion &amp; Verlag | save \u2013 Das Magazin f\u00fcr Sicherheit in der Schweiz\" \/>\n<meta property=\"og:description\" content=\"save \u2013 Das Magazin f\u00fcr Sicherheit ist die f\u00fchrende Fachpublikation der Schweizer Security- und Safety-Branche. Redaktion, Verlag und Ansprechpartner im \u00dcberblick.\" \/>\n<meta property=\"og:url\" content=\"https:\/\/news.save.ch\/fr\/ueber-uns\/\" \/>\n<meta property=\"og:site_name\" content=\"Save\" \/>\n<meta property=\"article:modified_time\" content=\"2025-12-15T12:37:24+00:00\" \/>\n<meta name=\"twitter:card\" content=\"summary_large_image\" \/>\n<meta name=\"twitter:label1\" content=\"Dur\u00e9e de lecture estim\u00e9e\" \/>\n\t<meta name=\"twitter:data1\" content=\"1 minute\" \/>\n<script type=\"application\/ld+json\" class=\"yoast-schema-graph\">{\"@context\":\"https:\\\/\\\/schema.org\",\"@graph\":[{\"@type\":\"WebPage\",\"@id\":\"https:\\\/\\\/news.save.ch\\\/ueber-uns\\\/\",\"url\":\"https:\\\/\\\/news.save.ch\\\/ueber-uns\\\/\",\"name\":\"Redaktion & Verlag | save \u2013 Das Magazin f\u00fcr Sicherheit in der Schweiz\",\"isPartOf\":{\"@id\":\"https:\\\/\\\/news.save.ch\\\/de\\\/#website\"},\"datePublished\":\"2021-05-06T13:33:39+00:00\",\"dateModified\":\"2025-12-15T12:37:24+00:00\",\"description\":\"save \u2013 Das Magazin f\u00fcr Sicherheit ist die f\u00fchrende Fachpublikation der Schweizer Security- und Safety-Branche. Redaktion, Verlag und Ansprechpartner im \u00dcberblick.\",\"breadcrumb\":{\"@id\":\"https:\\\/\\\/news.save.ch\\\/ueber-uns\\\/#breadcrumb\"},\"inLanguage\":\"fr-FR\",\"potentialAction\":[{\"@type\":\"ReadAction\",\"target\":[\"https:\\\/\\\/news.save.ch\\\/ueber-uns\\\/\"]}]},{\"@type\":\"BreadcrumbList\",\"@id\":\"https:\\\/\\\/news.save.ch\\\/ueber-uns\\\/#breadcrumb\",\"itemListElement\":[{\"@type\":\"ListItem\",\"position\":1,\"name\":\"Home\",\"item\":\"https:\\\/\\\/news.save.ch\\\/de\\\/\"},{\"@type\":\"ListItem\",\"position\":2,\"name\":\"\u00dcber uns\"}]},{\"@type\":\"WebSite\",\"@id\":\"https:\\\/\\\/news.save.ch\\\/de\\\/#website\",\"url\":\"https:\\\/\\\/news.save.ch\\\/de\\\/\",\"name\":\"Save\",\"description\":\"Schweizer Fachzeitschrift f\u00fcr Sicherheit\",\"publisher\":{\"@id\":\"https:\\\/\\\/news.save.ch\\\/de\\\/#organization\"},\"potentialAction\":[{\"@type\":\"SearchAction\",\"target\":{\"@type\":\"EntryPoint\",\"urlTemplate\":\"https:\\\/\\\/news.save.ch\\\/de\\\/?s={search_term_string}\"},\"query-input\":{\"@type\":\"PropertyValueSpecification\",\"valueRequired\":true,\"valueName\":\"search_term_string\"}}],\"inLanguage\":\"fr-FR\"},{\"@type\":\"Organization\",\"@id\":\"https:\\\/\\\/news.save.ch\\\/de\\\/#organization\",\"name\":\"Sicherheitsforum\",\"url\":\"https:\\\/\\\/news.save.ch\\\/de\\\/\",\"logo\":{\"@type\":\"ImageObject\",\"inLanguage\":\"fr-FR\",\"@id\":\"https:\\\/\\\/news.save.ch\\\/de\\\/#\\\/schema\\\/logo\\\/image\\\/\",\"url\":\"https:\\\/\\\/news.save.ch\\\/wp-content\\\/uploads\\\/2022\\\/06\\\/Logo_SF_2012.png\",\"contentUrl\":\"https:\\\/\\\/news.save.ch\\\/wp-content\\\/uploads\\\/2022\\\/06\\\/Logo_SF_2012.png\",\"width\":1100,\"height\":91,\"caption\":\"Sicherheitsforum\"},\"image\":{\"@id\":\"https:\\\/\\\/news.save.ch\\\/de\\\/#\\\/schema\\\/logo\\\/image\\\/\"}}]}<\/script>\n<!-- \/ Yoast SEO plugin. -->","yoast_head_json":{"title":"R\u00e9daction et \u00e9dition | save \u2013 Le magazine d\u00e9di\u00e9 \u00e0 la s\u00e9curit\u00e9 en Suisse","description":"save \u2013 Le magazine d\u00e9di\u00e9 \u00e0 la s\u00e9curit\u00e9 est la publication sp\u00e9cialis\u00e9e leader dans le secteur suisse de la s\u00e9curit\u00e9 et de la s\u00fbret\u00e9. Aper\u00e7u de la r\u00e9daction, de la maison d'\u00e9dition et des interlocuteurs.","robots":{"index":"index","follow":"follow","max-snippet":"max-snippet:-1","max-image-preview":"max-image-preview:large","max-video-preview":"max-video-preview:-1"},"canonical":"https:\/\/news.save.ch\/fr\/ueber-uns\/","og_locale":"fr_FR","og_type":"article","og_title":"Redaktion & Verlag | save \u2013 Das Magazin f\u00fcr Sicherheit in der Schweiz","og_description":"save \u2013 Das Magazin f\u00fcr Sicherheit ist die f\u00fchrende Fachpublikation der Schweizer Security- und Safety-Branche. Redaktion, Verlag und Ansprechpartner im \u00dcberblick.","og_url":"https:\/\/news.save.ch\/fr\/ueber-uns\/","og_site_name":"Save","article_modified_time":"2025-12-15T12:37:24+00:00","twitter_card":"summary_large_image","twitter_misc":{"Dur\u00e9e de lecture estim\u00e9e":"1 minute"},"schema":{"@context":"https:\/\/schema.org","@graph":[{"@type":"WebPage","@id":"https:\/\/news.save.ch\/ueber-uns\/","url":"https:\/\/news.save.ch\/ueber-uns\/","name":"R\u00e9daction et \u00e9dition | save \u2013 Le magazine d\u00e9di\u00e9 \u00e0 la s\u00e9curit\u00e9 en Suisse","isPartOf":{"@id":"https:\/\/news.save.ch\/de\/#website"},"datePublished":"2021-05-06T13:33:39+00:00","dateModified":"2025-12-15T12:37:24+00:00","description":"save \u2013 Le magazine d\u00e9di\u00e9 \u00e0 la s\u00e9curit\u00e9 est la publication sp\u00e9cialis\u00e9e leader dans le secteur suisse de la s\u00e9curit\u00e9 et de la s\u00fbret\u00e9. Aper\u00e7u de la r\u00e9daction, de la maison d'\u00e9dition et des interlocuteurs.","breadcrumb":{"@id":"https:\/\/news.save.ch\/ueber-uns\/#breadcrumb"},"inLanguage":"fr-FR","potentialAction":[{"@type":"ReadAction","target":["https:\/\/news.save.ch\/ueber-uns\/"]}]},{"@type":"BreadcrumbList","@id":"https:\/\/news.save.ch\/ueber-uns\/#breadcrumb","itemListElement":[{"@type":"ListItem","position":1,"name":"Home","item":"https:\/\/news.save.ch\/de\/"},{"@type":"ListItem","position":2,"name":"\u00dcber uns"}]},{"@type":"WebSite","@id":"https:\/\/news.save.ch\/de\/#website","url":"https:\/\/news.save.ch\/de\/","name":"Save","description":"Revue suisse sp\u00e9cialis\u00e9e dans la s\u00e9curit\u00e9","publisher":{"@id":"https:\/\/news.save.ch\/de\/#organization"},"potentialAction":[{"@type":"SearchAction","target":{"@type":"EntryPoint","urlTemplate":"https:\/\/news.save.ch\/de\/?s={search_term_string}"},"query-input":{"@type":"PropertyValueSpecification","valueRequired":true,"valueName":"search_term_string"}}],"inLanguage":"fr-FR"},{"@type":"Organization","@id":"https:\/\/news.save.ch\/de\/#organization","name":"Forum sur la s\u00e9curit\u00e9","url":"https:\/\/news.save.ch\/de\/","logo":{"@type":"ImageObject","inLanguage":"fr-FR","@id":"https:\/\/news.save.ch\/de\/#\/schema\/logo\/image\/","url":"https:\/\/news.save.ch\/wp-content\/uploads\/2022\/06\/Logo_SF_2012.png","contentUrl":"https:\/\/news.save.ch\/wp-content\/uploads\/2022\/06\/Logo_SF_2012.png","width":1100,"height":91,"caption":"Sicherheitsforum"},"image":{"@id":"https:\/\/news.save.ch\/de\/#\/schema\/logo\/image\/"}}]}},"_links":{"self":[{"href":"https:\/\/news.save.ch\/fr\/wp-json\/wp\/v2\/pages\/50","targetHints":{"allow":["GET"]}}],"collection":[{"href":"https:\/\/news.save.ch\/fr\/wp-json\/wp\/v2\/pages"}],"about":[{"href":"https:\/\/news.save.ch\/fr\/wp-json\/wp\/v2\/types\/page"}],"author":[{"embeddable":true,"href":"https:\/\/news.save.ch\/fr\/wp-json\/wp\/v2\/users\/1"}],"replies":[{"embeddable":true,"href":"https:\/\/news.save.ch\/fr\/wp-json\/wp\/v2\/comments?post=50"}],"version-history":[{"count":13,"href":"https:\/\/news.save.ch\/fr\/wp-json\/wp\/v2\/pages\/50\/revisions"}],"predecessor-version":[{"id":24830,"href":"https:\/\/news.save.ch\/fr\/wp-json\/wp\/v2\/pages\/50\/revisions\/24830"}],"wp:attachment":[{"href":"https:\/\/news.save.ch\/fr\/wp-json\/wp\/v2\/media?parent=50"}],"curies":[{"name":"wp","href":"https:\/\/api.w.org\/{rel}","templated":true}]}}