{"version":"1.0","provider_name":"Risparmiare","provider_url":"https:\/\/news.save.ch\/it","author_name":"Roger Str\u00e4ssle","author_url":"https:\/\/news.save.ch\/it\/author\/roger-straessle\/","title":"Die Themen am Sicherheitskongress - Save","type":"rich","width":600,"height":338,"html":"<blockquote class=\"wp-embedded-content\" data-secret=\"SE6VPGBlcb\"><a href=\"https:\/\/news.save.ch\/it\/sicherheits-kongress-die-themen-sind-bekannt\/\">I temi del Congresso sulla sicurezza<\/a><\/blockquote><iframe sandbox=\"allow-scripts\" security=\"restricted\" src=\"https:\/\/news.save.ch\/it\/sicherheits-kongress-die-themen-sind-bekannt\/embed\/#?secret=SE6VPGBlcb\" width=\"600\" height=\"338\" title=\"&quot;I temi del Congresso sulla sicurezza&quot; - Salva\" data-secret=\"SE6VPGBlcb\" frameborder=\"0\" marginwidth=\"0\" marginheight=\"0\" scrolling=\"no\" class=\"wp-embedded-content\"><\/iframe><script>\n\/*! This file is auto-generated *\/\n!function(d,l){\"use strict\";l.querySelector&&d.addEventListener&&\"undefined\"!=typeof URL&&(d.wp=d.wp||{},d.wp.receiveEmbedMessage||(d.wp.receiveEmbedMessage=function(e){var t=e.data;if((t||t.secret||t.message||t.value)&&!\/[^a-zA-Z0-9]\/.test(t.secret)){for(var s,r,n,a=l.querySelectorAll('iframe[data-secret=\"'+t.secret+'\"]'),o=l.querySelectorAll('blockquote[data-secret=\"'+t.secret+'\"]'),c=new RegExp(\"^https?:$\",\"i\"),i=0;i<o.length;i++)o[i].style.display=\"none\";for(i=0;i<a.length;i++)s=a[i],e.source===s.contentWindow&&(s.removeAttribute(\"style\"),\"height\"===t.message?(1e3<(r=parseInt(t.value,10))?r=1e3:~~r<200&&(r=200),s.height=r):\"link\"===t.message&&(r=new URL(s.getAttribute(\"src\")),n=new URL(t.value),c.test(n.protocol))&&n.host===r.host&&l.activeElement===s&&(d.top.location.href=t.value))}},d.addEventListener(\"message\",d.wp.receiveEmbedMessage,!1),l.addEventListener(\"DOMContentLoaded\",function(){for(var e,t,s=l.querySelectorAll(\"iframe.wp-embedded-content\"),r=0;r<s.length;r++)(t=(e=s[r]).getAttribute(\"data-secret\"))||(t=Math.random().toString(36).substring(2,12),e.src+=\"#?secret=\"+t,e.setAttribute(\"data-secret\",t)),e.contentWindow.postMessage({message:\"ready\",secret:t},\"*\")},!1)))}(window,document);\n\/\/# sourceURL=https:\/\/news.save.ch\/wp-includes\/js\/wp-embed.min.js\n<\/script>","thumbnail_url":"https:\/\/news.save.ch\/wp-content\/uploads\/2023\/09\/Swissbau-IMG_1925-scaled.jpg","thumbnail_width":1200,"thumbnail_height":800,"description":"Der Sicherheitskongress als bedeutendste B2B-Plattform f\u00fcr Sicherheit und Brandschutz bringt vom 16. Januar bis 18. Januar parallel zur Messe Swissbau 2024 die verantwortlichen Fachkr\u00e4fte, Experten und Beauftragte f\u00fcr Sicherheit auf nationaler Ebene zusammen. Die Themenvielfalt am Kongress reicht von Geb\u00e4udesicherheit \u00fcber Arbeitssicherheit, Brandschutz, technischen Sicherheitsl\u00f6sungen bis hin zu Unternehmenssicherheit. Aus unterschiedlichen Blickwinkeln sprechen die Protagonisten [&hellip;]"}